{"id":17873,"date":"2016-03-21T10:25:31","date_gmt":"2016-03-21T09:25:31","guid":{"rendered":"http:\/\/www.idc-coaching.com\/_annuaires\/prive\/?post_type=portfolio_page&#038;p=17873"},"modified":"2017-04-04T16:17:19","modified_gmt":"2017-04-04T15:17:19","slug":"pfister-doris","status":"publish","type":"portfolio_page","link":"https:\/\/www.idc-coaching.com\/_annuaires\/prive\/portfolio_page\/pfister-doris\/","title":{"rendered":"PFISTER DORIS \u2013 MASTER COACH CERTIFI\u00c9 IDC"},"content":{"rendered":"<h3>Ma sp\u00e9cificit\u00e9<\/h3>\n<p>Avec un regard holistique sur la personne dans son environnement, je suis curieuse de d\u00e9couvrir la cr\u00e9ativit\u00e9 de chacun. Les talents et potentiels se d\u00e9veloppent \u00e0 travers les cycles de vie et transitionsprofessionnelles. J\u2019aide mes clients \u00e0 lier performance au bien-\u00eatre et \u00e0 la sant\u00e9 au travail en int\u00e9grantdes besoins \u00e9volutifs ainsi qu\u2019en favorisant authenticit\u00e9 et \u00e9panouissement. Convaincue que la performance des \u00e9quipes est un facteur de succ\u00e8s, j\u2019aide \u00e0 d\u00e9velopper une communication ef\ufb01cace et des interactions productives a\ufb01n de stimuler des synergies de groupe.<\/p>\n<h3><\/h3>\n<h3>Parcours personnel et professionnel<\/h3>\n<p>30 ans d\u2019exp\u00e9rience dans le top management ainsi que dans la communication et la n\u00e9gociation humanitaire dans des environnements multi-culturels. Avec une formation d\u2019\u00e9conomiste, j\u2019ai travaill\u00e9 10ans comme journaliste. Ensuite, j\u2019ai assum\u00e9 l\u2019encadrement d\u2019\u00e9quipes dans diff\u00e9rents pays en guerre pourensuite devenir Executive Director d\u2019une organisation internationale. De plus en plus fascin\u00e9e par les comportements et interactions humains, je me suis form\u00e9e dans la psychologie et la sociologie desorganisations ainsi qu\u2019en coaching.<\/p>\n<h3><\/h3>\n<h3>Contact<\/h3>\n<p><em>Rue Schaub 2 &#8211; 1202 &#8211; GENEVE<\/em><br \/>\n<em> T\u00e9l: +41 22 740 10 06<\/em><br \/>\n<em> Mobile: +41 79 223 64 30<\/em><br \/>\n<em>Email :\u00a0<a href=\"mailto:dorispfister@bluewin.ch\">dorispfister@bluewin.ch<\/a><\/em><\/p>\n","protected":false},"excerpt":{"rendered":"<p>Ma sp\u00e9cificit\u00e9 Avec un regard holistique sur la personne dans son environnement, je suis curieuse de d\u00e9couvrir la cr\u00e9ativit\u00e9 de chacun. Les talents et potentiels se d\u00e9veloppent \u00e0 travers les cycles de vie et transitionsprofessionnelles. J\u2019aide mes clients \u00e0 lier performance au bien-\u00eatre et \u00e0 la sant\u00e9 au travail en&#8230;<\/p>\n","protected":false},"author":1,"featured_media":0,"menu_order":0,"comment_status":"closed","ping_status":"closed","template":"","portfolio_category":[105],"portfolio_tag":[],"pays":[],"class_list":["post-17873","portfolio_page","type-portfolio_page","status-publish","hentry","portfolio_category-master-coachs"],"acf":[],"_links":{"self":[{"href":"https:\/\/www.idc-coaching.com\/_annuaires\/prive\/wp-json\/wp\/v2\/portfolio_page\/17873","targetHints":{"allow":["GET"]}}],"collection":[{"href":"https:\/\/www.idc-coaching.com\/_annuaires\/prive\/wp-json\/wp\/v2\/portfolio_page"}],"about":[{"href":"https:\/\/www.idc-coaching.com\/_annuaires\/prive\/wp-json\/wp\/v2\/types\/portfolio_page"}],"author":[{"embeddable":true,"href":"https:\/\/www.idc-coaching.com\/_annuaires\/prive\/wp-json\/wp\/v2\/users\/1"}],"replies":[{"embeddable":true,"href":"https:\/\/www.idc-coaching.com\/_annuaires\/prive\/wp-json\/wp\/v2\/comments?post=17873"}],"wp:attachment":[{"href":"https:\/\/www.idc-coaching.com\/_annuaires\/prive\/wp-json\/wp\/v2\/media?parent=17873"}],"wp:term":[{"taxonomy":"portfolio_category","embeddable":true,"href":"https:\/\/www.idc-coaching.com\/_annuaires\/prive\/wp-json\/wp\/v2\/portfolio_category?post=17873"},{"taxonomy":"portfolio_tag","embeddable":true,"href":"https:\/\/www.idc-coaching.com\/_annuaires\/prive\/wp-json\/wp\/v2\/portfolio_tag?post=17873"},{"taxonomy":"pays","embeddable":true,"href":"https:\/\/www.idc-coaching.com\/_annuaires\/prive\/wp-json\/wp\/v2\/pays?post=17873"}],"curies":[{"name":"wp","href":"https:\/\/api.w.org\/{rel}","templated":true}]}}