{"id":17848,"date":"2016-03-21T09:16:20","date_gmt":"2016-03-21T08:16:20","guid":{"rendered":"http:\/\/www.idc-coaching.com\/_annuaires\/prive\/?post_type=portfolio_page&#038;p=17848"},"modified":"2024-08-29T01:39:11","modified_gmt":"2024-08-29T00:39:11","slug":"forster-david","status":"publish","type":"portfolio_page","link":"https:\/\/www.idc-coaching.com\/_annuaires\/prive\/en\/portfolio_page\/forster-david\/","title":{"rendered":"FORSTER DAVID \u2013 MASTER COACH CERTIFI\u00c9 IDC \u2013 PCC\/ICF"},"content":{"rendered":"<h3>Ma sp\u00e9cificit\u00e9<\/h3>\n<p>Coaching des soci\u00e9t\u00e9s internationales, des \u00e9quipes, des cadres et des particuliers. Transition,\u00a0d\u00e9veloppement personnel et d\u2019\u00e9quipe, leadership, comportement organisationnel, d\u00e9finition de direction\u00a0(objectif)<\/p>\n<h3><\/h3>\n<h3>Parcours personnel et professionnel<\/h3>\n<p>Director of Corporate Development chez IMD en Suisse pendant huit ans, J\u2019ai travaill\u00e9 avec de\u00a0nombreuses multinationales en Angleterre, Irlande, Europe de l\u2019Est, Europe centrale, Australie et en\u00a0Nouvelle-Z\u00e9lande, mon r\u00f4le \u00e9tant de s\u2019assurer que les formations propos\u00e9es \u00e0 ces entreprises \u00e9taient\u00a0align\u00e9es sur leurs attentes et leurs besoins organisationnels. Depuis 2006, je suis un coach ind\u00e9pendant et\u00a0travaille avec des soci\u00e9t\u00e9s internationales, des \u00e9quipes, des cadres et des particuliers.<\/p>\n<h3><\/h3>\n<h3>Contact<\/h3>\n<p>Solutions Development<br \/>\nCierne des Paccots 44 &#8211; 1619 &#8211; LES PACCOTS \/ FR<br \/>\nT\u00e9l: +41 21 802 0354<br \/>\nMobile: +41 76 571 3590<\/p>\n<p><em>Email : <a href=\"mailto:david@solutionsdevelopment.ch\">david@solutionsdevelopment.ch<\/a><\/em><\/p>\n<p><em>Site Web : <a href=\"http:\/\/www.solutionsdevelopment.ch\">www.solutionsdevelopment.ch<\/a><\/em><\/p>\n","protected":false},"excerpt":{"rendered":"<p>Ma sp\u00e9cificit\u00e9 Coaching des soci\u00e9t\u00e9s internationales, des \u00e9quipes, des cadres et des particuliers. Transition,\u00a0d\u00e9veloppement personnel et d\u2019\u00e9quipe, leadership, comportement organisationnel, d\u00e9finition de direction\u00a0(objectif) Parcours personnel et professionnel Director of Corporate Development chez IMD en Suisse pendant huit ans, J\u2019ai travaill\u00e9 avec de\u00a0nombreuses multinationales en Angleterre, Irlande, Europe de l\u2019Est, Europe&#8230;<\/p>\n","protected":false},"author":1,"featured_media":0,"menu_order":0,"comment_status":"closed","ping_status":"closed","template":"","portfolio_category":[310],"portfolio_tag":[],"pays":[],"class_list":["post-17848","portfolio_page","type-portfolio_page","status-publish","hentry","portfolio_category-master-coachs-en"],"acf":[],"_links":{"self":[{"href":"https:\/\/www.idc-coaching.com\/_annuaires\/prive\/wp-json\/wp\/v2\/portfolio_page\/17848","targetHints":{"allow":["GET"]}}],"collection":[{"href":"https:\/\/www.idc-coaching.com\/_annuaires\/prive\/wp-json\/wp\/v2\/portfolio_page"}],"about":[{"href":"https:\/\/www.idc-coaching.com\/_annuaires\/prive\/wp-json\/wp\/v2\/types\/portfolio_page"}],"author":[{"embeddable":true,"href":"https:\/\/www.idc-coaching.com\/_annuaires\/prive\/wp-json\/wp\/v2\/users\/1"}],"replies":[{"embeddable":true,"href":"https:\/\/www.idc-coaching.com\/_annuaires\/prive\/wp-json\/wp\/v2\/comments?post=17848"}],"wp:attachment":[{"href":"https:\/\/www.idc-coaching.com\/_annuaires\/prive\/wp-json\/wp\/v2\/media?parent=17848"}],"wp:term":[{"taxonomy":"portfolio_category","embeddable":true,"href":"https:\/\/www.idc-coaching.com\/_annuaires\/prive\/wp-json\/wp\/v2\/portfolio_category?post=17848"},{"taxonomy":"portfolio_tag","embeddable":true,"href":"https:\/\/www.idc-coaching.com\/_annuaires\/prive\/wp-json\/wp\/v2\/portfolio_tag?post=17848"},{"taxonomy":"pays","embeddable":true,"href":"https:\/\/www.idc-coaching.com\/_annuaires\/prive\/wp-json\/wp\/v2\/pays?post=17848"}],"curies":[{"name":"wp","href":"https:\/\/api.w.org\/{rel}","templated":true}]}}