{"id":166,"date":"2013-10-07T14:40:42","date_gmt":"2013-10-07T13:40:42","guid":{"rendered":"http:\/\/demo.qodeinteractive.com\/bridge12\/?post_type=portfolio_page&#038;p=166"},"modified":"2017-04-05T13:25:58","modified_gmt":"2017-04-05T12:25:58","slug":"amar-francis","status":"publish","type":"portfolio_page","link":"https:\/\/www.idc-coaching.com\/_annuaires\/prive\/portfolio_page\/amar-francis\/","title":{"rendered":"AMAR FRANCIS \u2013 MASTER COACH CERTIFI\u00c9 IDC \u2013 PCC\/ICF"},"content":{"rendered":"<h3>Ma sp\u00e9cificit\u00e9<\/h3>\n<p>Je crois en une approche concr\u00e8te et pragmatique, qui a pour but d\u2019aider mes clients \u00e0 atteindre rapidement leurs objectifs sp\u00e9cifiques d\u2019une fa\u00e7on durable et mesurable.<br \/>\nSp\u00e9cialit\u00e9\u00a0: Coaching de cadres- D\u00e9veloppement du \u00ab\u00a0Leadership\u00a0\u00bb &#8211; Transitions de carri\u00e8res &#8211; Coaching de vie<\/p>\n<h3><\/h3>\n<h3>Parcours personnel et professionnel<\/h3>\n<p>Apr\u00e8s avoir exerc\u00e9 d\u2019abord comme formateur d\u2019adultes, une carri\u00e8re de plus de 30 ans au service d\u2019une\u00a0des plus importantes organisations humanitaires internationales m\u2019a permis d\u2019acqu\u00e9rir des comp\u00e9tences\u00a0\u00e9prouv\u00e9es dans le domaine de la gestion des ressources humaines dans un environnement multiculturel et\u00a0des situations de crises. J\u2019exerce aujourd\u2019hui comme coach, formateur et m\u00e9diateur ind\u00e9pendant.<\/p>\n<h3><\/h3>\n<h3>Contact<\/h3>\n<p>FOCUS EVOLUTION<br \/>\nAvenue Eug\u00e8ne-Pittard 1a,<br \/>\nCH-1206 Gen\u00e8ve\/GE<br \/>\nTel: +41 22 347 18 68<br \/>\nMobile: +41 79 366 40 29<br \/>\nEmail : <a href=\"mailto:info@focusevolution.ch\">info@focusevolution.ch<\/a><\/p>\n<p>Site Web : <a href=\"http:\/\/www.focusevolution.ch\">www.focusevolution.ch<\/a><\/p>\n","protected":false},"excerpt":{"rendered":"<p>Ma sp\u00e9cificit\u00e9 Je crois en une approche concr\u00e8te et pragmatique, qui a pour but d\u2019aider mes clients \u00e0 atteindre rapidement leurs objectifs sp\u00e9cifiques d\u2019une fa\u00e7on durable et mesurable. Sp\u00e9cialit\u00e9\u00a0: Coaching de cadres- D\u00e9veloppement du \u00ab\u00a0Leadership\u00a0\u00bb &#8211; Transitions de carri\u00e8res &#8211; Coaching de vie Parcours personnel et professionnel Apr\u00e8s avoir exerc\u00e9&#8230;<\/p>\n","protected":false},"author":1,"featured_media":0,"menu_order":0,"comment_status":"closed","ping_status":"closed","template":"","portfolio_category":[110,105],"portfolio_tag":[],"pays":[],"class_list":["post-166","portfolio_page","type-portfolio_page","status-publish","hentry","portfolio_category-coachs-entreprises","portfolio_category-master-coachs"],"acf":[],"_links":{"self":[{"href":"https:\/\/www.idc-coaching.com\/_annuaires\/prive\/wp-json\/wp\/v2\/portfolio_page\/166","targetHints":{"allow":["GET"]}}],"collection":[{"href":"https:\/\/www.idc-coaching.com\/_annuaires\/prive\/wp-json\/wp\/v2\/portfolio_page"}],"about":[{"href":"https:\/\/www.idc-coaching.com\/_annuaires\/prive\/wp-json\/wp\/v2\/types\/portfolio_page"}],"author":[{"embeddable":true,"href":"https:\/\/www.idc-coaching.com\/_annuaires\/prive\/wp-json\/wp\/v2\/users\/1"}],"replies":[{"embeddable":true,"href":"https:\/\/www.idc-coaching.com\/_annuaires\/prive\/wp-json\/wp\/v2\/comments?post=166"}],"wp:attachment":[{"href":"https:\/\/www.idc-coaching.com\/_annuaires\/prive\/wp-json\/wp\/v2\/media?parent=166"}],"wp:term":[{"taxonomy":"portfolio_category","embeddable":true,"href":"https:\/\/www.idc-coaching.com\/_annuaires\/prive\/wp-json\/wp\/v2\/portfolio_category?post=166"},{"taxonomy":"portfolio_tag","embeddable":true,"href":"https:\/\/www.idc-coaching.com\/_annuaires\/prive\/wp-json\/wp\/v2\/portfolio_tag?post=166"},{"taxonomy":"pays","embeddable":true,"href":"https:\/\/www.idc-coaching.com\/_annuaires\/prive\/wp-json\/wp\/v2\/pays?post=166"}],"curies":[{"name":"wp","href":"https:\/\/api.w.org\/{rel}","templated":true}]}}